{"id":22,"date":"2019-06-09T10:34:39","date_gmt":"2019-06-09T08:34:39","guid":{"rendered":"\/bognerhof\/?page_id=22"},"modified":"2020-05-25T20:38:14","modified_gmt":"2020-05-25T18:38:14","slug":"ferienwohnung","status":"publish","type":"page","link":"https:\/\/www.urlaub-am-bognerhof.at\/de\/wohnen\/ferienwohnung\/","title":{"rendered":"Ferienwohnung"},"content":{"rendered":"\t\t<div data-elementor-type=\"wp-page\" data-elementor-id=\"22\" class=\"elementor elementor-22\" data-elementor-post-type=\"page\">\n\t\t\t\t\t\t<section class=\"elementor-section elementor-top-section elementor-element elementor-element-a13c2bb elementor-section-boxed elementor-section-height-default elementor-section-height-default\" data-id=\"a13c2bb\" data-element_type=\"section\">\n\t\t\t\t\t\t<div class=\"elementor-container elementor-column-gap-default\">\n\t\t\t\t\t<div class=\"elementor-column elementor-col-100 elementor-top-column elementor-element elementor-element-81da436\" data-id=\"81da436\" data-element_type=\"column\">\n\t\t\t<div class=\"elementor-widget-wrap elementor-element-populated\">\n\t\t\t\t\t\t<div class=\"elementor-element elementor-element-aaa49c4 elementor-widget elementor-widget-text-editor\" data-id=\"aaa49c4\" data-element_type=\"widget\" data-widget_type=\"text-editor.default\">\n\t\t\t\t<div class=\"elementor-widget-container\">\n\t\t\t\t\t\t\t<h1>Ihre Ferienwohnung in St. Veit<\/h1>\n<h2>Rustikaler Charme und gem\u00fctliche Zimmer<\/h2>\n\nWarmes Holz, kuscheliges Ambiente mit liebevollen Details und komfortable Ausstattung kommen in dieser Ferienwohnung f\u00fcr 4 bis 6 Personen zur Geltung. Genie\u00dfen Sie erholsamen Schlaf in den qualitativ hochwertigen und exklusiven Betten aus Zirbenholz, handwerklich vom Tischler angefertigt! Der K\u00fcchen- und Wohnbereich aus Altholz vermittelt gekonnt den rustikalen Charme der Zeit von fr\u00fcher. Eines der Highlights: Pers\u00f6nliche Infrarotkabine und Whirlpool im Sommer!\t\t\t\t\t\t<\/div>\n\t\t\t\t<\/div>\n\t\t\t\t<div class=\"elementor-element elementor-element-80cdc83 elementor-align-left elementor-widget elementor-widget-button\" data-id=\"80cdc83\" data-element_type=\"widget\" data-widget_type=\"button.default\">\n\t\t\t\t<div class=\"elementor-widget-container\">\n\t\t\t\t\t<div class=\"elementor-button-wrapper\">\n\t\t\t<a class=\"elementor-button elementor-button-link elementor-size-sm\" href=\"https:\/\/www.urlaub-am-bognerhof.at\/preise\/sommerpreise\">\n\t\t\t\t\t\t<span class=\"elementor-button-content-wrapper\">\n\t\t\t\t\t\t\t\t\t<span class=\"elementor-button-text\">ANGEBOT ENTDECKEN<\/span>\n\t\t\t\t\t<\/span>\n\t\t\t\t\t<\/a>\n\t\t<\/div>\n\t\t\t\t<\/div>\n\t\t\t\t<\/div>\n\t\t\t\t\t<\/div>\n\t\t<\/div>\n\t\t\t\t\t<\/div>\n\t\t<\/section>\n\t\t\t\t<section class=\"elementor-section elementor-inner-section elementor-element elementor-element-6ba562c5 elementor-reverse-tablet elementor-reverse-mobile elementor-section-boxed elementor-section-height-default elementor-section-height-default\" data-id=\"6ba562c5\" data-element_type=\"section\">\n\t\t\t\t\t\t<div class=\"elementor-container elementor-column-gap-default\">\n\t\t\t\t\t<div class=\"elementor-column elementor-col-50 elementor-inner-column elementor-element elementor-element-7f9ae227\" data-id=\"7f9ae227\" data-element_type=\"column\">\n\t\t\t<div class=\"elementor-widget-wrap elementor-element-populated\">\n\t\t\t\t\t\t<div class=\"elementor-element elementor-element-24ba73c6 elementor-widget elementor-widget-image\" data-id=\"24ba73c6\" data-element_type=\"widget\" data-widget_type=\"image.default\">\n\t\t\t\t<div class=\"elementor-widget-container\">\n\t\t\t\t\t\t\t\t\t\t\t\t\t<img fetchpriority=\"high\" decoding=\"async\" width=\"700\" height=\"467\" src=\"https:\/\/www.urlaub-am-bognerhof.at\/wp-content\/uploads\/2019\/06\/bognerhof-urlaub-st-veit-ferienwohnung-chalet-14-700x467.jpg\" class=\"attachment-large size-large wp-image-249\" alt=\"bognerhof urlaub st veit ferienwohnung chalet\" srcset=\"https:\/\/www.urlaub-am-bognerhof.at\/wp-content\/uploads\/2019\/06\/bognerhof-urlaub-st-veit-ferienwohnung-chalet-14-700x467.jpg 700w, https:\/\/www.urlaub-am-bognerhof.at\/wp-content\/uploads\/2019\/06\/bognerhof-urlaub-st-veit-ferienwohnung-chalet-14-250x167.jpg 250w, https:\/\/www.urlaub-am-bognerhof.at\/wp-content\/uploads\/2019\/06\/bognerhof-urlaub-st-veit-ferienwohnung-chalet-14-768x512.jpg 768w, https:\/\/www.urlaub-am-bognerhof.at\/wp-content\/uploads\/2019\/06\/bognerhof-urlaub-st-veit-ferienwohnung-chalet-14-120x80.jpg 120w, https:\/\/www.urlaub-am-bognerhof.at\/wp-content\/uploads\/2019\/06\/bognerhof-urlaub-st-veit-ferienwohnung-chalet-14.jpg 1200w\" sizes=\"(max-width: 700px) 100vw, 700px\" \/>\t\t\t\t\t\t\t\t\t\t\t\t\t<\/div>\n\t\t\t\t<\/div>\n\t\t\t\t\t<\/div>\n\t\t<\/div>\n\t\t\t\t<div class=\"elementor-column elementor-col-50 elementor-inner-column elementor-element elementor-element-53ac2808\" data-id=\"53ac2808\" data-element_type=\"column\">\n\t\t\t<div class=\"elementor-widget-wrap elementor-element-populated\">\n\t\t\t\t\t\t<div class=\"elementor-element elementor-element-45d7d224 elementor-widget elementor-widget-text-editor\" data-id=\"45d7d224\" data-element_type=\"widget\" data-widget_type=\"text-editor.default\">\n\t\t\t\t<div class=\"elementor-widget-container\">\n\t\t\t\t\t\t\t<h3>Ausstattung &amp; Zubeh\u00f6r<\/h3><ul><li>80 m\u00b2 auf 1 Ebene &#8211; barrierefrei<\/li><li>2 Zirben-Schlafzimmer mit Doppelbetten<\/li><li>gro\u00dfz\u00fcgiger K\u00fcchen- und Wohnbereich in Altholz<br \/>(mit Schlafcouch f\u00fcr weitere 2 Personen)<\/li><li>auf Wunsch zus\u00e4tzliches Kinderbett (Gitterbett) buchbar<\/li><li>Bad mit Dusche und separatem WC<\/li><li>Komplett ausgestattete K\u00fcche<\/li><li>Spielzimmer<\/li><li>Bettw\u00e4sche sowie Handt\u00fccher<\/li><li>Fernseher<\/li><li>Kostenloses WLAN<\/li><\/ul>\t\t\t\t\t\t<\/div>\n\t\t\t\t<\/div>\n\t\t\t\t\t<\/div>\n\t\t<\/div>\n\t\t\t\t\t<\/div>\n\t\t<\/section>\n\t\t\t\t<section class=\"elementor-section elementor-inner-section elementor-element elementor-element-65df9dc5 elementor-section-boxed elementor-section-height-default elementor-section-height-default\" data-id=\"65df9dc5\" data-element_type=\"section\">\n\t\t\t\t\t\t<div class=\"elementor-container elementor-column-gap-default\">\n\t\t\t\t\t<div class=\"elementor-column elementor-col-50 elementor-inner-column elementor-element elementor-element-6a3ccd9\" data-id=\"6a3ccd9\" data-element_type=\"column\">\n\t\t\t<div class=\"elementor-widget-wrap elementor-element-populated\">\n\t\t\t\t\t\t<div class=\"elementor-element elementor-element-74b6d010 elementor-widget elementor-widget-text-editor\" data-id=\"74b6d010\" data-element_type=\"widget\" data-widget_type=\"text-editor.default\">\n\t\t\t\t<div class=\"elementor-widget-container\">\n\t\t\t\t\t\t\t<h3>Highlights f\u00fcr Ihren Urlaub<\/h3>\nTanken Sie Kraft und Energie in der exklusiv f\u00fcr G\u00e4ste bereitstehenden Infrarotkabine! Ein beheizter Schuhtrockner direkt in der Wohnung sorgt f\u00fcr warme F\u00fc\u00dfe auch im Winter. Sollten Sie sich nach zus\u00e4tzlicher W\u00e4rme sehnen, verkosten Sie doch einfach einen der edlen Tropfen aus der hauseigenen Schnapsbrennerei.\t\t\t\t\t\t<\/div>\n\t\t\t\t<\/div>\n\t\t\t\t\t<\/div>\n\t\t<\/div>\n\t\t\t\t<div class=\"elementor-column elementor-col-50 elementor-inner-column elementor-element elementor-element-103f4d4a\" data-id=\"103f4d4a\" data-element_type=\"column\">\n\t\t\t<div class=\"elementor-widget-wrap elementor-element-populated\">\n\t\t\t\t\t\t<div class=\"elementor-element elementor-element-495d5a51 elementor-widget elementor-widget-image\" data-id=\"495d5a51\" data-element_type=\"widget\" data-widget_type=\"image.default\">\n\t\t\t\t<div class=\"elementor-widget-container\">\n\t\t\t\t\t\t\t\t\t\t\t\t\t<img decoding=\"async\" width=\"700\" height=\"467\" src=\"https:\/\/www.urlaub-am-bognerhof.at\/wp-content\/uploads\/2019\/06\/bognerhof-urlaub-st-veit-ferienwohnung-chalet-2-700x467.jpg\" class=\"attachment-large size-large wp-image-216\" alt=\"bognerhof urlaub st veit ferienwohnung chalet\" srcset=\"https:\/\/www.urlaub-am-bognerhof.at\/wp-content\/uploads\/2019\/06\/bognerhof-urlaub-st-veit-ferienwohnung-chalet-2-700x467.jpg 700w, https:\/\/www.urlaub-am-bognerhof.at\/wp-content\/uploads\/2019\/06\/bognerhof-urlaub-st-veit-ferienwohnung-chalet-2-250x167.jpg 250w, https:\/\/www.urlaub-am-bognerhof.at\/wp-content\/uploads\/2019\/06\/bognerhof-urlaub-st-veit-ferienwohnung-chalet-2-768x512.jpg 768w, https:\/\/www.urlaub-am-bognerhof.at\/wp-content\/uploads\/2019\/06\/bognerhof-urlaub-st-veit-ferienwohnung-chalet-2-120x80.jpg 120w, https:\/\/www.urlaub-am-bognerhof.at\/wp-content\/uploads\/2019\/06\/bognerhof-urlaub-st-veit-ferienwohnung-chalet-2.jpg 1200w\" sizes=\"(max-width: 700px) 100vw, 700px\" \/>\t\t\t\t\t\t\t\t\t\t\t\t\t<\/div>\n\t\t\t\t<\/div>\n\t\t\t\t\t<\/div>\n\t\t<\/div>\n\t\t\t\t\t<\/div>\n\t\t<\/section>\n\t\t\t\t<section class=\"elementor-section elementor-top-section elementor-element elementor-element-a787b1c elementor-section-boxed elementor-section-height-default elementor-section-height-default\" data-id=\"a787b1c\" data-element_type=\"section\">\n\t\t\t\t\t\t<div class=\"elementor-container elementor-column-gap-default\">\n\t\t\t\t\t<div class=\"elementor-column elementor-col-100 elementor-top-column elementor-element elementor-element-23d058d\" data-id=\"23d058d\" data-element_type=\"column\">\n\t\t\t<div class=\"elementor-widget-wrap elementor-element-populated\">\n\t\t\t\t\t\t<div class=\"elementor-element elementor-element-9f0a737 gallery-spacing-custom elementor-widget elementor-widget-image-gallery\" data-id=\"9f0a737\" data-element_type=\"widget\" id=\"pw_galerie\" data-widget_type=\"image-gallery.default\">\n\t\t\t\t<div class=\"elementor-widget-container\">\n\t\t\t\t\t<div class=\"elementor-image-gallery\">\n\t\t\t\n\t\t<style type=\"text\/css\">\n\t\t\t#gallery-1 {\n\t\t\t\tmargin: auto;\n\t\t\t}\n\t\t\t#gallery-1 .gallery-item {\n\t\t\t\tfloat: left;\n\t\t\t\tmargin-top: 10px;\n\t\t\t\ttext-align: center;\n\t\t\t\twidth: 25%;\n\t\t\t}\n\t\t\t#gallery-1 img {\n\t\t\t\tborder: 2px solid #cfcfcf;\n\t\t\t}\n\t\t\t#gallery-1 .gallery-caption {\n\t\t\t\tmargin-left: 0;\n\t\t\t}\n\t\t\t\/* see gallery_shortcode() in wp-includes\/media.php *\/\n\t\t<\/style>\n\t\t<div id='gallery-1' class='gallery galleryid-22 gallery-columns-4 gallery-size-medium_large'><dl class='gallery-item'>\n\t\t\t<dt class='gallery-icon landscape'>\n\t\t\t\t<a data-elementor-open-lightbox=\"yes\" data-elementor-lightbox-slideshow=\"9f0a737\" data-elementor-lightbox-title=\"bognerhof-urlaub-st-veit-ferienwohnung-chalet-13\" data-e-action-hash=\"#elementor-action%3Aaction%3Dlightbox%26settings%3DeyJpZCI6MjQ3LCJ1cmwiOiJodHRwczpcL1wvd3d3LnVybGF1Yi1hbS1ib2duZXJob2YuYXRcL3dwLWNvbnRlbnRcL3VwbG9hZHNcLzIwMTlcLzA2XC9ib2duZXJob2YtdXJsYXViLXN0LXZlaXQtZmVyaWVud29obnVuZy1jaGFsZXQtMTMuanBnIiwic2xpZGVzaG93IjoiOWYwYTczNyJ9\" href='https:\/\/www.urlaub-am-bognerhof.at\/wp-content\/uploads\/2019\/06\/bognerhof-urlaub-st-veit-ferienwohnung-chalet-13.jpg'><img width=\"768\" height=\"512\" src=\"https:\/\/www.urlaub-am-bognerhof.at\/wp-content\/uploads\/2019\/06\/bognerhof-urlaub-st-veit-ferienwohnung-chalet-13-768x512.jpg\" class=\"attachment-medium_large size-medium_large\" alt=\"bognerhof urlaub st veit ferienwohnung chalet\" decoding=\"async\" srcset=\"https:\/\/www.urlaub-am-bognerhof.at\/wp-content\/uploads\/2019\/06\/bognerhof-urlaub-st-veit-ferienwohnung-chalet-13-768x512.jpg 768w, https:\/\/www.urlaub-am-bognerhof.at\/wp-content\/uploads\/2019\/06\/bognerhof-urlaub-st-veit-ferienwohnung-chalet-13-250x167.jpg 250w, https:\/\/www.urlaub-am-bognerhof.at\/wp-content\/uploads\/2019\/06\/bognerhof-urlaub-st-veit-ferienwohnung-chalet-13-700x467.jpg 700w, https:\/\/www.urlaub-am-bognerhof.at\/wp-content\/uploads\/2019\/06\/bognerhof-urlaub-st-veit-ferienwohnung-chalet-13-120x80.jpg 120w, https:\/\/www.urlaub-am-bognerhof.at\/wp-content\/uploads\/2019\/06\/bognerhof-urlaub-st-veit-ferienwohnung-chalet-13.jpg 1200w\" sizes=\"(max-width: 768px) 100vw, 768px\" \/><\/a>\n\t\t\t<\/dt><\/dl><dl class='gallery-item'>\n\t\t\t<dt class='gallery-icon landscape'>\n\t\t\t\t<a data-elementor-open-lightbox=\"yes\" data-elementor-lightbox-slideshow=\"9f0a737\" data-elementor-lightbox-title=\"bognerhof-urlaub-st-veit-ferienwohnung-chalet-12\" data-e-action-hash=\"#elementor-action%3Aaction%3Dlightbox%26settings%3DeyJpZCI6MjQ1LCJ1cmwiOiJodHRwczpcL1wvd3d3LnVybGF1Yi1hbS1ib2duZXJob2YuYXRcL3dwLWNvbnRlbnRcL3VwbG9hZHNcLzIwMTlcLzA2XC9ib2duZXJob2YtdXJsYXViLXN0LXZlaXQtZmVyaWVud29obnVuZy1jaGFsZXQtMTIuanBnIiwic2xpZGVzaG93IjoiOWYwYTczNyJ9\" href='https:\/\/www.urlaub-am-bognerhof.at\/wp-content\/uploads\/2019\/06\/bognerhof-urlaub-st-veit-ferienwohnung-chalet-12.jpg'><img loading=\"lazy\" width=\"768\" height=\"512\" src=\"https:\/\/www.urlaub-am-bognerhof.at\/wp-content\/uploads\/2019\/06\/bognerhof-urlaub-st-veit-ferienwohnung-chalet-12-768x512.jpg\" class=\"attachment-medium_large size-medium_large\" alt=\"bognerhof urlaub st veit ferienwohnung chalet\" decoding=\"async\" srcset=\"https:\/\/www.urlaub-am-bognerhof.at\/wp-content\/uploads\/2019\/06\/bognerhof-urlaub-st-veit-ferienwohnung-chalet-12-768x512.jpg 768w, https:\/\/www.urlaub-am-bognerhof.at\/wp-content\/uploads\/2019\/06\/bognerhof-urlaub-st-veit-ferienwohnung-chalet-12-250x167.jpg 250w, https:\/\/www.urlaub-am-bognerhof.at\/wp-content\/uploads\/2019\/06\/bognerhof-urlaub-st-veit-ferienwohnung-chalet-12-700x467.jpg 700w, https:\/\/www.urlaub-am-bognerhof.at\/wp-content\/uploads\/2019\/06\/bognerhof-urlaub-st-veit-ferienwohnung-chalet-12-120x80.jpg 120w, https:\/\/www.urlaub-am-bognerhof.at\/wp-content\/uploads\/2019\/06\/bognerhof-urlaub-st-veit-ferienwohnung-chalet-12.jpg 1200w\" sizes=\"(max-width: 768px) 100vw, 768px\" \/><\/a>\n\t\t\t<\/dt><\/dl><dl class='gallery-item'>\n\t\t\t<dt class='gallery-icon landscape'>\n\t\t\t\t<a data-elementor-open-lightbox=\"yes\" data-elementor-lightbox-slideshow=\"9f0a737\" data-elementor-lightbox-title=\"bognerhof-urlaub-st-veit-ferienwohnung-chalet-16\" data-e-action-hash=\"#elementor-action%3Aaction%3Dlightbox%26settings%3DeyJpZCI6MjUzLCJ1cmwiOiJodHRwczpcL1wvd3d3LnVybGF1Yi1hbS1ib2duZXJob2YuYXRcL3dwLWNvbnRlbnRcL3VwbG9hZHNcLzIwMTlcLzA2XC9ib2duZXJob2YtdXJsYXViLXN0LXZlaXQtZmVyaWVud29obnVuZy1jaGFsZXQtMTYuanBnIiwic2xpZGVzaG93IjoiOWYwYTczNyJ9\" href='https:\/\/www.urlaub-am-bognerhof.at\/wp-content\/uploads\/2019\/06\/bognerhof-urlaub-st-veit-ferienwohnung-chalet-16.jpg'><img loading=\"lazy\" width=\"768\" height=\"512\" src=\"https:\/\/www.urlaub-am-bognerhof.at\/wp-content\/uploads\/2019\/06\/bognerhof-urlaub-st-veit-ferienwohnung-chalet-16-768x512.jpg\" class=\"attachment-medium_large size-medium_large\" alt=\"bognerhof urlaub st veit ferienwohnung chalet\" decoding=\"async\" srcset=\"https:\/\/www.urlaub-am-bognerhof.at\/wp-content\/uploads\/2019\/06\/bognerhof-urlaub-st-veit-ferienwohnung-chalet-16-768x512.jpg 768w, https:\/\/www.urlaub-am-bognerhof.at\/wp-content\/uploads\/2019\/06\/bognerhof-urlaub-st-veit-ferienwohnung-chalet-16-250x167.jpg 250w, https:\/\/www.urlaub-am-bognerhof.at\/wp-content\/uploads\/2019\/06\/bognerhof-urlaub-st-veit-ferienwohnung-chalet-16-700x467.jpg 700w, https:\/\/www.urlaub-am-bognerhof.at\/wp-content\/uploads\/2019\/06\/bognerhof-urlaub-st-veit-ferienwohnung-chalet-16-120x80.jpg 120w, https:\/\/www.urlaub-am-bognerhof.at\/wp-content\/uploads\/2019\/06\/bognerhof-urlaub-st-veit-ferienwohnung-chalet-16.jpg 1200w\" sizes=\"(max-width: 768px) 100vw, 768px\" \/><\/a>\n\t\t\t<\/dt><\/dl><dl class='gallery-item'>\n\t\t\t<dt class='gallery-icon landscape'>\n\t\t\t\t<a data-elementor-open-lightbox=\"yes\" data-elementor-lightbox-slideshow=\"9f0a737\" data-elementor-lightbox-title=\"bognerhof-urlaub-st-veit-ferienwohnung-chalet-19\" data-e-action-hash=\"#elementor-action%3Aaction%3Dlightbox%26settings%3DeyJpZCI6MjU5LCJ1cmwiOiJodHRwczpcL1wvd3d3LnVybGF1Yi1hbS1ib2duZXJob2YuYXRcL3dwLWNvbnRlbnRcL3VwbG9hZHNcLzIwMTlcLzA2XC9ib2duZXJob2YtdXJsYXViLXN0LXZlaXQtZmVyaWVud29obnVuZy1jaGFsZXQtMTkuanBnIiwic2xpZGVzaG93IjoiOWYwYTczNyJ9\" href='https:\/\/www.urlaub-am-bognerhof.at\/wp-content\/uploads\/2019\/06\/bognerhof-urlaub-st-veit-ferienwohnung-chalet-19.jpg'><img loading=\"lazy\" width=\"768\" height=\"512\" src=\"https:\/\/www.urlaub-am-bognerhof.at\/wp-content\/uploads\/2019\/06\/bognerhof-urlaub-st-veit-ferienwohnung-chalet-19-768x512.jpg\" class=\"attachment-medium_large size-medium_large\" alt=\"bognerhof urlaub st veit ferienwohnung chalet\" decoding=\"async\" srcset=\"https:\/\/www.urlaub-am-bognerhof.at\/wp-content\/uploads\/2019\/06\/bognerhof-urlaub-st-veit-ferienwohnung-chalet-19-768x512.jpg 768w, https:\/\/www.urlaub-am-bognerhof.at\/wp-content\/uploads\/2019\/06\/bognerhof-urlaub-st-veit-ferienwohnung-chalet-19-250x167.jpg 250w, https:\/\/www.urlaub-am-bognerhof.at\/wp-content\/uploads\/2019\/06\/bognerhof-urlaub-st-veit-ferienwohnung-chalet-19-700x467.jpg 700w, https:\/\/www.urlaub-am-bognerhof.at\/wp-content\/uploads\/2019\/06\/bognerhof-urlaub-st-veit-ferienwohnung-chalet-19-120x80.jpg 120w, https:\/\/www.urlaub-am-bognerhof.at\/wp-content\/uploads\/2019\/06\/bognerhof-urlaub-st-veit-ferienwohnung-chalet-19.jpg 1200w\" sizes=\"(max-width: 768px) 100vw, 768px\" \/><\/a>\n\t\t\t<\/dt><\/dl><br style=\"clear: both\" \/><dl class='gallery-item'>\n\t\t\t<dt class='gallery-icon landscape'>\n\t\t\t\t<a data-elementor-open-lightbox=\"yes\" data-elementor-lightbox-slideshow=\"9f0a737\" data-elementor-lightbox-title=\"bognerhof-urlaub-st-veit-ferienwohnung-chalet-20\" data-e-action-hash=\"#elementor-action%3Aaction%3Dlightbox%26settings%3DeyJpZCI6MjYxLCJ1cmwiOiJodHRwczpcL1wvd3d3LnVybGF1Yi1hbS1ib2duZXJob2YuYXRcL3dwLWNvbnRlbnRcL3VwbG9hZHNcLzIwMTlcLzA2XC9ib2duZXJob2YtdXJsYXViLXN0LXZlaXQtZmVyaWVud29obnVuZy1jaGFsZXQtMjAuanBnIiwic2xpZGVzaG93IjoiOWYwYTczNyJ9\" href='https:\/\/www.urlaub-am-bognerhof.at\/wp-content\/uploads\/2019\/06\/bognerhof-urlaub-st-veit-ferienwohnung-chalet-20.jpg'><img loading=\"lazy\" width=\"768\" height=\"512\" src=\"https:\/\/www.urlaub-am-bognerhof.at\/wp-content\/uploads\/2019\/06\/bognerhof-urlaub-st-veit-ferienwohnung-chalet-20-768x512.jpg\" class=\"attachment-medium_large size-medium_large\" alt=\"bognerhof urlaub st veit ferienwohnung chalet\" decoding=\"async\" srcset=\"https:\/\/www.urlaub-am-bognerhof.at\/wp-content\/uploads\/2019\/06\/bognerhof-urlaub-st-veit-ferienwohnung-chalet-20-768x512.jpg 768w, https:\/\/www.urlaub-am-bognerhof.at\/wp-content\/uploads\/2019\/06\/bognerhof-urlaub-st-veit-ferienwohnung-chalet-20-250x167.jpg 250w, https:\/\/www.urlaub-am-bognerhof.at\/wp-content\/uploads\/2019\/06\/bognerhof-urlaub-st-veit-ferienwohnung-chalet-20-700x467.jpg 700w, https:\/\/www.urlaub-am-bognerhof.at\/wp-content\/uploads\/2019\/06\/bognerhof-urlaub-st-veit-ferienwohnung-chalet-20-120x80.jpg 120w, https:\/\/www.urlaub-am-bognerhof.at\/wp-content\/uploads\/2019\/06\/bognerhof-urlaub-st-veit-ferienwohnung-chalet-20.jpg 1200w\" sizes=\"(max-width: 768px) 100vw, 768px\" \/><\/a>\n\t\t\t<\/dt><\/dl><dl class='gallery-item'>\n\t\t\t<dt class='gallery-icon landscape'>\n\t\t\t\t<a data-elementor-open-lightbox=\"yes\" data-elementor-lightbox-slideshow=\"9f0a737\" data-elementor-lightbox-title=\"bognerhof-urlaub-st-veit-ferienwohnung-chalet-15\" data-e-action-hash=\"#elementor-action%3Aaction%3Dlightbox%26settings%3DeyJpZCI6MjUxLCJ1cmwiOiJodHRwczpcL1wvd3d3LnVybGF1Yi1hbS1ib2duZXJob2YuYXRcL3dwLWNvbnRlbnRcL3VwbG9hZHNcLzIwMTlcLzA2XC9ib2duZXJob2YtdXJsYXViLXN0LXZlaXQtZmVyaWVud29obnVuZy1jaGFsZXQtMTUuanBnIiwic2xpZGVzaG93IjoiOWYwYTczNyJ9\" href='https:\/\/www.urlaub-am-bognerhof.at\/wp-content\/uploads\/2019\/06\/bognerhof-urlaub-st-veit-ferienwohnung-chalet-15.jpg'><img loading=\"lazy\" width=\"768\" height=\"512\" src=\"https:\/\/www.urlaub-am-bognerhof.at\/wp-content\/uploads\/2019\/06\/bognerhof-urlaub-st-veit-ferienwohnung-chalet-15-768x512.jpg\" class=\"attachment-medium_large size-medium_large\" alt=\"bognerhof urlaub st veit ferienwohnung chalet\" decoding=\"async\" srcset=\"https:\/\/www.urlaub-am-bognerhof.at\/wp-content\/uploads\/2019\/06\/bognerhof-urlaub-st-veit-ferienwohnung-chalet-15-768x512.jpg 768w, https:\/\/www.urlaub-am-bognerhof.at\/wp-content\/uploads\/2019\/06\/bognerhof-urlaub-st-veit-ferienwohnung-chalet-15-250x167.jpg 250w, https:\/\/www.urlaub-am-bognerhof.at\/wp-content\/uploads\/2019\/06\/bognerhof-urlaub-st-veit-ferienwohnung-chalet-15-700x467.jpg 700w, https:\/\/www.urlaub-am-bognerhof.at\/wp-content\/uploads\/2019\/06\/bognerhof-urlaub-st-veit-ferienwohnung-chalet-15-120x80.jpg 120w, https:\/\/www.urlaub-am-bognerhof.at\/wp-content\/uploads\/2019\/06\/bognerhof-urlaub-st-veit-ferienwohnung-chalet-15.jpg 1200w\" sizes=\"(max-width: 768px) 100vw, 768px\" \/><\/a>\n\t\t\t<\/dt><\/dl><dl class='gallery-item'>\n\t\t\t<dt class='gallery-icon landscape'>\n\t\t\t\t<a data-elementor-open-lightbox=\"yes\" data-elementor-lightbox-slideshow=\"9f0a737\" data-elementor-lightbox-title=\"DSC_7564\" data-e-action-hash=\"#elementor-action%3Aaction%3Dlightbox%26settings%3DeyJpZCI6MTQ0OSwidXJsIjoiaHR0cHM6XC9cL3d3dy51cmxhdWItYW0tYm9nbmVyaG9mLmF0XC93cC1jb250ZW50XC91cGxvYWRzXC8yMDIwXC8wNVwvRFNDXzc1NjQtc2NhbGVkLmpwZyIsInNsaWRlc2hvdyI6IjlmMGE3MzcifQ%3D%3D\" href='https:\/\/www.urlaub-am-bognerhof.at\/wp-content\/uploads\/2020\/05\/DSC_7564-scaled.jpg'><img loading=\"lazy\" width=\"768\" height=\"511\" src=\"https:\/\/www.urlaub-am-bognerhof.at\/wp-content\/uploads\/2020\/05\/DSC_7564-scaled-768x511.jpg\" class=\"attachment-medium_large size-medium_large\" alt=\"DSC  scaled\" decoding=\"async\" srcset=\"https:\/\/www.urlaub-am-bognerhof.at\/wp-content\/uploads\/2020\/05\/DSC_7564-scaled-768x511.jpg 768w, https:\/\/www.urlaub-am-bognerhof.at\/wp-content\/uploads\/2020\/05\/DSC_7564-scaled-250x166.jpg 250w, https:\/\/www.urlaub-am-bognerhof.at\/wp-content\/uploads\/2020\/05\/DSC_7564-scaled-700x465.jpg 700w, https:\/\/www.urlaub-am-bognerhof.at\/wp-content\/uploads\/2020\/05\/DSC_7564-scaled-1536x1021.jpg 1536w, https:\/\/www.urlaub-am-bognerhof.at\/wp-content\/uploads\/2020\/05\/DSC_7564-scaled-2048x1362.jpg 2048w, https:\/\/www.urlaub-am-bognerhof.at\/wp-content\/uploads\/2020\/05\/DSC_7564-scaled-120x80.jpg 120w\" sizes=\"(max-width: 768px) 100vw, 768px\" \/><\/a>\n\t\t\t<\/dt><\/dl><dl class='gallery-item'>\n\t\t\t<dt class='gallery-icon landscape'>\n\t\t\t\t<a data-elementor-open-lightbox=\"yes\" data-elementor-lightbox-slideshow=\"9f0a737\" data-elementor-lightbox-title=\"bognerhof-urlaub-st-veit-ferienwohnung-chalet-11\" data-e-action-hash=\"#elementor-action%3Aaction%3Dlightbox%26settings%3DeyJpZCI6MjQzLCJ1cmwiOiJodHRwczpcL1wvd3d3LnVybGF1Yi1hbS1ib2duZXJob2YuYXRcL3dwLWNvbnRlbnRcL3VwbG9hZHNcLzIwMTlcLzA2XC9ib2duZXJob2YtdXJsYXViLXN0LXZlaXQtZmVyaWVud29obnVuZy1jaGFsZXQtMTEuanBnIiwic2xpZGVzaG93IjoiOWYwYTczNyJ9\" href='https:\/\/www.urlaub-am-bognerhof.at\/wp-content\/uploads\/2019\/06\/bognerhof-urlaub-st-veit-ferienwohnung-chalet-11.jpg'><img loading=\"lazy\" width=\"768\" height=\"512\" src=\"https:\/\/www.urlaub-am-bognerhof.at\/wp-content\/uploads\/2019\/06\/bognerhof-urlaub-st-veit-ferienwohnung-chalet-11-768x512.jpg\" class=\"attachment-medium_large size-medium_large\" alt=\"bognerhof urlaub st veit ferienwohnung chalet\" decoding=\"async\" srcset=\"https:\/\/www.urlaub-am-bognerhof.at\/wp-content\/uploads\/2019\/06\/bognerhof-urlaub-st-veit-ferienwohnung-chalet-11-768x512.jpg 768w, https:\/\/www.urlaub-am-bognerhof.at\/wp-content\/uploads\/2019\/06\/bognerhof-urlaub-st-veit-ferienwohnung-chalet-11-250x167.jpg 250w, https:\/\/www.urlaub-am-bognerhof.at\/wp-content\/uploads\/2019\/06\/bognerhof-urlaub-st-veit-ferienwohnung-chalet-11-700x467.jpg 700w, https:\/\/www.urlaub-am-bognerhof.at\/wp-content\/uploads\/2019\/06\/bognerhof-urlaub-st-veit-ferienwohnung-chalet-11-120x80.jpg 120w, https:\/\/www.urlaub-am-bognerhof.at\/wp-content\/uploads\/2019\/06\/bognerhof-urlaub-st-veit-ferienwohnung-chalet-11.jpg 1200w\" sizes=\"(max-width: 768px) 100vw, 768px\" \/><\/a>\n\t\t\t<\/dt><\/dl><br style=\"clear: both\" \/><dl class='gallery-item'>\n\t\t\t<dt class='gallery-icon portrait'>\n\t\t\t\t<a data-elementor-open-lightbox=\"yes\" data-elementor-lightbox-slideshow=\"9f0a737\" data-elementor-lightbox-title=\"DSC_0738\" data-e-action-hash=\"#elementor-action%3Aaction%3Dlightbox%26settings%3DeyJpZCI6MTQ0NywidXJsIjoiaHR0cHM6XC9cL3d3dy51cmxhdWItYW0tYm9nbmVyaG9mLmF0XC93cC1jb250ZW50XC91cGxvYWRzXC8yMDIwXC8wNVwvRFNDXzA3Mzgtc2NhbGVkLmpwZyIsInNsaWRlc2hvdyI6IjlmMGE3MzcifQ%3D%3D\" href='https:\/\/www.urlaub-am-bognerhof.at\/wp-content\/uploads\/2020\/05\/DSC_0738-scaled.jpg'><img loading=\"lazy\" width=\"768\" height=\"1075\" src=\"https:\/\/www.urlaub-am-bognerhof.at\/wp-content\/uploads\/2020\/05\/DSC_0738-scaled-768x1075.jpg\" class=\"attachment-medium_large size-medium_large\" alt=\"DSC  scaled\" decoding=\"async\" srcset=\"https:\/\/www.urlaub-am-bognerhof.at\/wp-content\/uploads\/2020\/05\/DSC_0738-scaled-768x1075.jpg 768w, https:\/\/www.urlaub-am-bognerhof.at\/wp-content\/uploads\/2020\/05\/DSC_0738-scaled-250x350.jpg 250w, https:\/\/www.urlaub-am-bognerhof.at\/wp-content\/uploads\/2020\/05\/DSC_0738-scaled-700x980.jpg 700w, https:\/\/www.urlaub-am-bognerhof.at\/wp-content\/uploads\/2020\/05\/DSC_0738-scaled-1097x1536.jpg 1097w, https:\/\/www.urlaub-am-bognerhof.at\/wp-content\/uploads\/2020\/05\/DSC_0738-scaled-1463x2048.jpg 1463w, https:\/\/www.urlaub-am-bognerhof.at\/wp-content\/uploads\/2020\/05\/DSC_0738-scaled-120x168.jpg 120w, https:\/\/www.urlaub-am-bognerhof.at\/wp-content\/uploads\/2020\/05\/DSC_0738-scaled.jpg 1829w\" sizes=\"(max-width: 768px) 100vw, 768px\" \/><\/a>\n\t\t\t<\/dt><\/dl><dl class='gallery-item'>\n\t\t\t<dt class='gallery-icon portrait'>\n\t\t\t\t<a data-elementor-open-lightbox=\"yes\" data-elementor-lightbox-slideshow=\"9f0a737\" data-elementor-lightbox-title=\"DSC_0714 \u2013 helyre\u00e1ll\u00edtva\" data-e-action-hash=\"#elementor-action%3Aaction%3Dlightbox%26settings%3DeyJpZCI6MTQ1MSwidXJsIjoiaHR0cHM6XC9cL3d3dy51cmxhdWItYW0tYm9nbmVyaG9mLmF0XC93cC1jb250ZW50XC91cGxvYWRzXC8yMDIwXC8wNVwvRFNDXzA3MTQtXHUyMDEzLWhlbHlyZVx1MDBlMWxsXHUwMGVkdHZhLXNjYWxlZC5qcGciLCJzbGlkZXNob3ciOiI5ZjBhNzM3In0%3D\" href='https:\/\/www.urlaub-am-bognerhof.at\/wp-content\/uploads\/2020\/05\/DSC_0714-\u2013-helyre\u00e1ll\u00edtva-scaled.jpg'><img loading=\"lazy\" width=\"768\" height=\"1075\" src=\"https:\/\/www.urlaub-am-bognerhof.at\/wp-content\/uploads\/2020\/05\/DSC_0714-\u2013-helyre\u00e1ll\u00edtva-scaled-768x1075.jpg\" class=\"attachment-medium_large size-medium_large\" alt=\"DSC  \u2013 helyre\u00e1ll\u00edtva scaled\" decoding=\"async\" srcset=\"https:\/\/www.urlaub-am-bognerhof.at\/wp-content\/uploads\/2020\/05\/DSC_0714-\u2013-helyre\u00e1ll\u00edtva-scaled-768x1075.jpg 768w, https:\/\/www.urlaub-am-bognerhof.at\/wp-content\/uploads\/2020\/05\/DSC_0714-\u2013-helyre\u00e1ll\u00edtva-scaled-250x350.jpg 250w, https:\/\/www.urlaub-am-bognerhof.at\/wp-content\/uploads\/2020\/05\/DSC_0714-\u2013-helyre\u00e1ll\u00edtva-scaled-700x980.jpg 700w, https:\/\/www.urlaub-am-bognerhof.at\/wp-content\/uploads\/2020\/05\/DSC_0714-\u2013-helyre\u00e1ll\u00edtva-scaled-1097x1536.jpg 1097w, https:\/\/www.urlaub-am-bognerhof.at\/wp-content\/uploads\/2020\/05\/DSC_0714-\u2013-helyre\u00e1ll\u00edtva-scaled-1463x2048.jpg 1463w, https:\/\/www.urlaub-am-bognerhof.at\/wp-content\/uploads\/2020\/05\/DSC_0714-\u2013-helyre\u00e1ll\u00edtva-scaled-120x168.jpg 120w, https:\/\/www.urlaub-am-bognerhof.at\/wp-content\/uploads\/2020\/05\/DSC_0714-\u2013-helyre\u00e1ll\u00edtva-scaled.jpg 1829w\" sizes=\"(max-width: 768px) 100vw, 768px\" \/><\/a>\n\t\t\t<\/dt><\/dl>\n\t\t\t<br style='clear: both' \/>\n\t\t<\/div>\n\t\t<\/div>\n\t\t\t\t<\/div>\n\t\t\t\t<\/div>\n\t\t\t\t<div class=\"elementor-element elementor-element-f52d368 elementor-widget elementor-widget-text-editor\" data-id=\"f52d368\" data-element_type=\"widget\" data-widget_type=\"text-editor.default\">\n\t\t\t\t<div class=\"elementor-widget-container\">\n\t\t\t\t\t\t\t<p>Lust auf Urlaub am Bognerhof? Stellen Sie noch heute Ihre unverbindliche Urlaubsanfrage!<\/p>\t\t\t\t\t\t<\/div>\n\t\t\t\t<\/div>\n\t\t\t\t<div class=\"elementor-element elementor-element-3761a86 elementor-align-left elementor-widget elementor-widget-button\" data-id=\"3761a86\" data-element_type=\"widget\" data-widget_type=\"button.default\">\n\t\t\t\t<div class=\"elementor-widget-container\">\n\t\t\t\t\t<div class=\"elementor-button-wrapper\">\n\t\t\t<a class=\"elementor-button elementor-button-link elementor-size-sm\" href=\"https:\/\/www.urlaub-am-bognerhof.at\/anfrage\/\">\n\t\t\t\t\t\t<span class=\"elementor-button-content-wrapper\">\n\t\t\t\t\t\t\t\t\t<span class=\"elementor-button-text\">JETZT ANFRAGEN<\/span>\n\t\t\t\t\t<\/span>\n\t\t\t\t\t<\/a>\n\t\t<\/div>\n\t\t\t\t<\/div>\n\t\t\t\t<\/div>\n\t\t\t\t\t<\/div>\n\t\t<\/div>\n\t\t\t\t\t<\/div>\n\t\t<\/section>\n\t\t\t\t<\/div>\n\t\t","protected":false},"excerpt":{"rendered":"Ihre Ferienwohnung in St. Veit Rustikaler Charme und gem\u00fctliche Zimmer Warmes Holz, kuscheliges Ambiente mit liebevollen Details und komfortable Ausstattung kommen in dieser Ferienwohnung f\u00fcr 4 bis 6 Personen zur Geltung. Genie\u00dfen Sie erholsamen Schlaf in den qualitativ hochwertigen und exklusiven Betten aus Zirbenholz, handwerklich vom Tischler angefertigt! Der K\u00fcchen- und Wohnbereich aus Altholz vermittelt&#8230; <a class=\"view-article\" href=\"https:\/\/www.urlaub-am-bognerhof.at\/de\/wohnen\/ferienwohnung\/\">Artikel ansehen<\/a>","protected":false},"author":86,"featured_media":0,"parent":20,"menu_order":0,"comment_status":"closed","ping_status":"closed","template":"","meta":[],"_links":{"self":[{"href":"https:\/\/www.urlaub-am-bognerhof.at\/de\/wp-json\/wp\/v2\/pages\/22"}],"collection":[{"href":"https:\/\/www.urlaub-am-bognerhof.at\/de\/wp-json\/wp\/v2\/pages"}],"about":[{"href":"https:\/\/www.urlaub-am-bognerhof.at\/de\/wp-json\/wp\/v2\/types\/page"}],"author":[{"embeddable":true,"href":"https:\/\/www.urlaub-am-bognerhof.at\/de\/wp-json\/wp\/v2\/users\/86"}],"replies":[{"embeddable":true,"href":"https:\/\/www.urlaub-am-bognerhof.at\/de\/wp-json\/wp\/v2\/comments?post=22"}],"version-history":[{"count":0,"href":"https:\/\/www.urlaub-am-bognerhof.at\/de\/wp-json\/wp\/v2\/pages\/22\/revisions"}],"up":[{"embeddable":true,"href":"https:\/\/www.urlaub-am-bognerhof.at\/de\/wp-json\/wp\/v2\/pages\/20"}],"wp:attachment":[{"href":"https:\/\/www.urlaub-am-bognerhof.at\/de\/wp-json\/wp\/v2\/media?parent=22"}],"curies":[{"name":"wp","href":"https:\/\/api.w.org\/{rel}","templated":true}]}}